{"id":95,"date":"2018-06-18T06:57:36","date_gmt":"2018-06-18T06:57:36","guid":{"rendered":"https:\/\/museedestraditions.com\/?page_id=95"},"modified":"2026-08-31T13:49:39","modified_gmt":"2026-08-31T11:49:39","slug":"home","status":"publish","type":"page","link":"https:\/\/museedestraditions.com\/","title":{"rendered":"Home"},"content":{"rendered":"\t\t<div data-elementor-type=\"wp-page\" data-elementor-id=\"95\" class=\"elementor elementor-95\">\n\t\t\t\t\t\t<section class=\"elementor-section elementor-top-section elementor-element elementor-element-f5a9c6a elementor-section-boxed elementor-section-height-default elementor-section-height-default\" data-id=\"f5a9c6a\" data-element_type=\"section\" data-e-type=\"section\">\n\t\t\t\t\t\t<div class=\"elementor-container elementor-column-gap-default\">\n\t\t\t\t\t<div class=\"elementor-column elementor-col-100 elementor-top-column elementor-element elementor-element-f712ee4\" data-id=\"f712ee4\" data-element_type=\"column\" data-e-type=\"column\">\n\t\t\t<div class=\"elementor-widget-wrap elementor-element-populated\">\n\t\t\t\t\t\t<div class=\"elementor-element elementor-element-edada2d elementor-widget elementor-widget-spacer\" data-id=\"edada2d\" data-element_type=\"widget\" data-e-type=\"widget\" data-widget_type=\"spacer.default\">\n\t\t\t\t<div class=\"elementor-widget-container\">\n\t\t\t\t\t\t\t<div class=\"elementor-spacer\">\n\t\t\t<div class=\"elementor-spacer-inner\"><\/div>\n\t\t<\/div>\n\t\t\t\t\t\t<\/div>\n\t\t\t\t<\/div>\n\t\t\t\t\t<\/div>\n\t\t<\/div>\n\t\t\t\t\t<\/div>\n\t\t<\/section>\n\t\t\t\t<section class=\"elementor-section elementor-top-section elementor-element elementor-element-059d648 elementor-section-boxed elementor-section-height-default elementor-section-height-default\" data-id=\"059d648\" data-element_type=\"section\" data-e-type=\"section\">\n\t\t\t\t\t\t<div class=\"elementor-container elementor-column-gap-default\">\n\t\t\t\t\t<div class=\"elementor-column elementor-col-100 elementor-top-column elementor-element elementor-element-337294f\" data-id=\"337294f\" data-element_type=\"column\" data-e-type=\"column\">\n\t\t\t<div class=\"elementor-widget-wrap elementor-element-populated\">\n\t\t\t\t\t\t<div class=\"elementor-element elementor-element-4145cc2 animated-slow elementor-invisible elementor-widget elementor-widget-heading\" data-id=\"4145cc2\" data-element_type=\"widget\" data-e-type=\"widget\" data-settings=\"{&quot;_animation&quot;:&quot;zoomIn&quot;}\" data-widget_type=\"heading.default\">\n\t\t\t\t<div class=\"elementor-widget-container\">\n\t\t\t\t\t<h3 class=\"elementor-heading-title elementor-size-default\">Bienvenue sur le site du Mus\u00e9e des Traditions et des Barques du L\u00e9man<\/h3>\t\t\t\t<\/div>\n\t\t\t\t<\/div>\n\t\t\t\t\t<\/div>\n\t\t<\/div>\n\t\t\t\t\t<\/div>\n\t\t<\/section>\n\t\t\t\t<section class=\"elementor-section elementor-top-section elementor-element elementor-element-2066062 elementor-section-boxed elementor-section-height-default elementor-section-height-default\" data-id=\"2066062\" data-element_type=\"section\" data-e-type=\"section\">\n\t\t\t\t\t\t<div class=\"elementor-container elementor-column-gap-default\">\n\t\t\t\t\t<div class=\"elementor-column elementor-col-100 elementor-top-column elementor-element elementor-element-fddad7b\" data-id=\"fddad7b\" data-element_type=\"column\" data-e-type=\"column\">\n\t\t\t<div class=\"elementor-widget-wrap elementor-element-populated\">\n\t\t\t\t\t\t<div class=\"elementor-element elementor-element-560db60 elementor-widget elementor-widget-heading\" data-id=\"560db60\" data-element_type=\"widget\" data-e-type=\"widget\" data-widget_type=\"heading.default\">\n\t\t\t\t<div class=\"elementor-widget-container\">\n\t\t\t\t\t<h4 class=\"elementor-heading-title elementor-size-default\">Actualit\u00e9s<\/h4>\t\t\t\t<\/div>\n\t\t\t\t<\/div>\n\t\t\t\t<section class=\"elementor-section elementor-inner-section elementor-element elementor-element-1cfc1dc elementor-section-boxed elementor-section-height-default elementor-section-height-default\" data-id=\"1cfc1dc\" data-element_type=\"section\" data-e-type=\"section\">\n\t\t\t\t\t\t<div class=\"elementor-container elementor-column-gap-default\">\n\t\t\t\t\t<div class=\"elementor-column elementor-col-50 elementor-inner-column elementor-element elementor-element-f84f337\" data-id=\"f84f337\" data-element_type=\"column\" data-e-type=\"column\">\n\t\t\t<div class=\"elementor-widget-wrap elementor-element-populated\">\n\t\t\t\t\t\t<div class=\"elementor-element elementor-element-eee84a0 elementor-widget elementor-widget-image\" data-id=\"eee84a0\" data-element_type=\"widget\" data-e-type=\"widget\" data-widget_type=\"image.default\">\n\t\t\t\t<div class=\"elementor-widget-container\">\n\t\t\t\t\t\t\t\t\t\t\t\t\t\t\t\t<a href=\"https:\/\/museedestraditions.com\/wp-content\/uploads\/2026\/08\/JPE2026_01.jpg\" data-elementor-open-lightbox=\"yes\" data-elementor-lightbox-title=\"JPE2026_01\" data-e-action-hash=\"#elementor-action%3Aaction%3Dlightbox%26settings%3DeyJpZCI6NjUxMCwidXJsIjoiaHR0cHM6XC9cL211c2VlZGVzdHJhZGl0aW9ucy5jb21cL3dwLWNvbnRlbnRcL3VwbG9hZHNcLzIwMjZcLzA4XC9KUEUyMDI2XzAxLmpwZyJ9\">\n\t\t\t\t\t\t\t<img fetchpriority=\"high\" decoding=\"async\" width=\"728\" height=\"1024\" src=\"https:\/\/museedestraditions.com\/wp-content\/uploads\/2026\/08\/JPE2026_01-728x1024.jpg\" class=\"attachment-large size-large wp-image-6510\" alt=\"\" srcset=\"https:\/\/museedestraditions.com\/wp-content\/uploads\/2026\/08\/JPE2026_01-728x1024.jpg 728w, https:\/\/museedestraditions.com\/wp-content\/uploads\/2026\/08\/JPE2026_01-213x300.jpg 213w, https:\/\/museedestraditions.com\/wp-content\/uploads\/2026\/08\/JPE2026_01-768x1080.jpg 768w, https:\/\/museedestraditions.com\/wp-content\/uploads\/2026\/08\/JPE2026_01-1092x1536.jpg 1092w, https:\/\/museedestraditions.com\/wp-content\/uploads\/2026\/08\/JPE2026_01-1456x2048.jpg 1456w, https:\/\/museedestraditions.com\/wp-content\/uploads\/2026\/08\/JPE2026_01.jpg 1789w\" sizes=\"(max-width: 728px) 100vw, 728px\" \/>\t\t\t\t\t\t\t\t<\/a>\n\t\t\t\t\t\t\t\t\t\t\t\t\t\t\t<\/div>\n\t\t\t\t<\/div>\n\t\t\t\t\t<\/div>\n\t\t<\/div>\n\t\t\t\t<div class=\"elementor-column elementor-col-50 elementor-inner-column elementor-element elementor-element-3409ac7\" data-id=\"3409ac7\" data-element_type=\"column\" data-e-type=\"column\">\n\t\t\t<div class=\"elementor-widget-wrap elementor-element-populated\">\n\t\t\t\t\t\t<div class=\"elementor-element elementor-element-7cf9a7c elementor-widget elementor-widget-image\" data-id=\"7cf9a7c\" data-element_type=\"widget\" data-e-type=\"widget\" data-widget_type=\"image.default\">\n\t\t\t\t<div class=\"elementor-widget-container\">\n\t\t\t\t\t\t\t\t\t\t\t\t\t\t\t\t<a href=\"https:\/\/museedestraditions.com\/wp-content\/uploads\/2026\/08\/JPE2026_02.jpg\" data-elementor-open-lightbox=\"yes\" data-elementor-lightbox-title=\"JPE2026_02\" data-e-action-hash=\"#elementor-action%3Aaction%3Dlightbox%26settings%3DeyJpZCI6NjUxMSwidXJsIjoiaHR0cHM6XC9cL211c2VlZGVzdHJhZGl0aW9ucy5jb21cL3dwLWNvbnRlbnRcL3VwbG9hZHNcLzIwMjZcLzA4XC9KUEUyMDI2XzAyLmpwZyJ9\">\n\t\t\t\t\t\t\t<img decoding=\"async\" width=\"727\" height=\"1024\" src=\"https:\/\/museedestraditions.com\/wp-content\/uploads\/2026\/08\/JPE2026_02-727x1024.jpg\" class=\"attachment-large size-large wp-image-6511\" alt=\"\" srcset=\"https:\/\/museedestraditions.com\/wp-content\/uploads\/2026\/08\/JPE2026_02-727x1024.jpg 727w, https:\/\/museedestraditions.com\/wp-content\/uploads\/2026\/08\/JPE2026_02-213x300.jpg 213w, https:\/\/museedestraditions.com\/wp-content\/uploads\/2026\/08\/JPE2026_02-768x1081.jpg 768w, https:\/\/museedestraditions.com\/wp-content\/uploads\/2026\/08\/JPE2026_02.jpg 898w\" sizes=\"(max-width: 727px) 100vw, 727px\" \/>\t\t\t\t\t\t\t\t<\/a>\n\t\t\t\t\t\t\t\t\t\t\t\t\t\t\t<\/div>\n\t\t\t\t<\/div>\n\t\t\t\t\t<\/div>\n\t\t<\/div>\n\t\t\t\t\t<\/div>\n\t\t<\/section>\n\t\t\t\t<div class=\"elementor-element elementor-element-c9b0390 elementor-widget-divider--separator-type-pattern elementor-widget-divider--no-spacing elementor-widget-divider--view-line elementor-widget elementor-widget-divider\" data-id=\"c9b0390\" data-element_type=\"widget\" data-e-type=\"widget\" data-widget_type=\"divider.default\">\n\t\t\t\t<div class=\"elementor-widget-container\">\n\t\t\t\t\t\t\t<div class=\"elementor-divider\" style=\"--divider-pattern-url: url(&quot;data:image\/svg+xml,%3Csvg xmlns=&#039;http:\/\/www.w3.org\/2000\/svg&#039; preserveAspectRatio=&#039;xMidYMid meet&#039; overflow=&#039;visible&#039; height=&#039;100%&#039; viewBox=&#039;0 0 126 26&#039; fill=&#039;black&#039; stroke=&#039;none&#039;%3E%3Cpath d=&#039;M46.8,7.8v11.5L36,18.6V7.8H46.8z M82.4,7.8L84,18.6l-12,0.7L70.4,7.8H82.4z M0,7.8l12,0.9v9.9H1.3L0,7.8z M30,7.8v10.8H19L18,7.8H30z M63.7,7.8L66,18.6H54V9.5L63.7,7.8z M89.8,7L102,7.8v10.8H91.2L89.8,7zM108,7.8l12,0.9v8.9l-12,1V7.8z&#039;\/%3E%3C\/svg%3E&quot;);\">\n\t\t\t<span class=\"elementor-divider-separator\">\n\t\t\t\t\t\t<\/span>\n\t\t<\/div>\n\t\t\t\t\t\t<\/div>\n\t\t\t\t<\/div>\n\t\t\t\t<section class=\"elementor-section elementor-inner-section elementor-element elementor-element-8ab8a7f elementor-section-boxed elementor-section-height-default elementor-section-height-default\" data-id=\"8ab8a7f\" data-element_type=\"section\" data-e-type=\"section\">\n\t\t\t\t\t\t<div class=\"elementor-container elementor-column-gap-default\">\n\t\t\t\t\t<div class=\"elementor-column elementor-col-50 elementor-inner-column elementor-element elementor-element-03e82af\" data-id=\"03e82af\" data-element_type=\"column\" data-e-type=\"column\">\n\t\t\t<div class=\"elementor-widget-wrap elementor-element-populated\">\n\t\t\t\t\t\t<div class=\"elementor-element elementor-element-7600ccf elementor-widget elementor-widget-image\" data-id=\"7600ccf\" data-element_type=\"widget\" data-e-type=\"widget\" data-widget_type=\"image.default\">\n\t\t\t\t<div class=\"elementor-widget-container\">\n\t\t\t\t\t\t\t\t\t\t\t\t\t\t\t\t<a href=\"https:\/\/museedestraditions.com\/wp-content\/uploads\/2026\/08\/ndm2026-001.png\" data-elementor-open-lightbox=\"yes\" data-elementor-lightbox-title=\"ndm2026-001\" data-e-action-hash=\"#elementor-action%3Aaction%3Dlightbox%26settings%3DeyJpZCI6NjUwMiwidXJsIjoiaHR0cHM6XC9cL211c2VlZGVzdHJhZGl0aW9ucy5jb21cL3dwLWNvbnRlbnRcL3VwbG9hZHNcLzIwMjZcLzA4XC9uZG0yMDI2LTAwMS5wbmcifQ%3D%3D\">\n\t\t\t\t\t\t\t<img decoding=\"async\" width=\"289\" height=\"1024\" src=\"https:\/\/museedestraditions.com\/wp-content\/uploads\/2026\/08\/ndm2026-001-289x1024.png\" class=\"attachment-large size-large wp-image-6502\" alt=\"\" srcset=\"https:\/\/museedestraditions.com\/wp-content\/uploads\/2026\/08\/ndm2026-001-289x1024.png 289w, https:\/\/museedestraditions.com\/wp-content\/uploads\/2026\/08\/ndm2026-001-85x300.png 85w, https:\/\/museedestraditions.com\/wp-content\/uploads\/2026\/08\/ndm2026-001-434x1536.png 434w, https:\/\/museedestraditions.com\/wp-content\/uploads\/2026\/08\/ndm2026-001-578x2048.png 578w, https:\/\/museedestraditions.com\/wp-content\/uploads\/2026\/08\/ndm2026-001.png 720w\" sizes=\"(max-width: 289px) 100vw, 289px\" \/>\t\t\t\t\t\t\t\t<\/a>\n\t\t\t\t\t\t\t\t\t\t\t\t\t\t\t<\/div>\n\t\t\t\t<\/div>\n\t\t\t\t\t<\/div>\n\t\t<\/div>\n\t\t\t\t<div class=\"elementor-column elementor-col-50 elementor-inner-column elementor-element elementor-element-e7b4e8c\" data-id=\"e7b4e8c\" data-element_type=\"column\" data-e-type=\"column\">\n\t\t\t<div class=\"elementor-widget-wrap elementor-element-populated\">\n\t\t\t\t\t\t<div class=\"elementor-element elementor-element-e575918 elementor-widget elementor-widget-image\" data-id=\"e575918\" data-element_type=\"widget\" data-e-type=\"widget\" data-widget_type=\"image.default\">\n\t\t\t\t<div class=\"elementor-widget-container\">\n\t\t\t\t\t\t\t\t\t\t\t\t\t\t\t\t<a href=\"https:\/\/museedestraditions.com\/wp-content\/uploads\/2026\/08\/ndm2026-002.png\" data-elementor-open-lightbox=\"yes\" data-elementor-lightbox-title=\"ndm2026-002\" data-e-action-hash=\"#elementor-action%3Aaction%3Dlightbox%26settings%3DeyJpZCI6NjUwMywidXJsIjoiaHR0cHM6XC9cL211c2VlZGVzdHJhZGl0aW9ucy5jb21cL3dwLWNvbnRlbnRcL3VwbG9hZHNcLzIwMjZcLzA4XC9uZG0yMDI2LTAwMi5wbmcifQ%3D%3D\">\n\t\t\t\t\t\t\t<img loading=\"lazy\" decoding=\"async\" width=\"289\" height=\"1024\" src=\"https:\/\/museedestraditions.com\/wp-content\/uploads\/2026\/08\/ndm2026-002-289x1024.png\" class=\"attachment-large size-large wp-image-6503\" alt=\"\" srcset=\"https:\/\/museedestraditions.com\/wp-content\/uploads\/2026\/08\/ndm2026-002-289x1024.png 289w, https:\/\/museedestraditions.com\/wp-content\/uploads\/2026\/08\/ndm2026-002-85x300.png 85w, https:\/\/museedestraditions.com\/wp-content\/uploads\/2026\/08\/ndm2026-002-434x1536.png 434w, https:\/\/museedestraditions.com\/wp-content\/uploads\/2026\/08\/ndm2026-002-578x2048.png 578w, https:\/\/museedestraditions.com\/wp-content\/uploads\/2026\/08\/ndm2026-002.png 720w\" sizes=\"(max-width: 289px) 100vw, 289px\" \/>\t\t\t\t\t\t\t\t<\/a>\n\t\t\t\t\t\t\t\t\t\t\t\t\t\t\t<\/div>\n\t\t\t\t<\/div>\n\t\t\t\t\t<\/div>\n\t\t<\/div>\n\t\t\t\t\t<\/div>\n\t\t<\/section>\n\t\t\t\t<div class=\"elementor-element elementor-element-2ee2adf elementor-widget-divider--separator-type-pattern elementor-widget-divider--no-spacing elementor-widget-divider--view-line elementor-widget elementor-widget-divider\" data-id=\"2ee2adf\" data-element_type=\"widget\" data-e-type=\"widget\" data-widget_type=\"divider.default\">\n\t\t\t\t<div class=\"elementor-widget-container\">\n\t\t\t\t\t\t\t<div class=\"elementor-divider\" style=\"--divider-pattern-url: url(&quot;data:image\/svg+xml,%3Csvg xmlns=&#039;http:\/\/www.w3.org\/2000\/svg&#039; preserveAspectRatio=&#039;xMidYMid meet&#039; overflow=&#039;visible&#039; height=&#039;100%&#039; viewBox=&#039;0 0 126 26&#039; fill=&#039;black&#039; stroke=&#039;none&#039;%3E%3Cpath d=&#039;M46.8,7.8v11.5L36,18.6V7.8H46.8z M82.4,7.8L84,18.6l-12,0.7L70.4,7.8H82.4z M0,7.8l12,0.9v9.9H1.3L0,7.8z M30,7.8v10.8H19L18,7.8H30z M63.7,7.8L66,18.6H54V9.5L63.7,7.8z M89.8,7L102,7.8v10.8H91.2L89.8,7zM108,7.8l12,0.9v8.9l-12,1V7.8z&#039;\/%3E%3C\/svg%3E&quot;);\">\n\t\t\t<span class=\"elementor-divider-separator\">\n\t\t\t\t\t\t<\/span>\n\t\t<\/div>\n\t\t\t\t\t\t<\/div>\n\t\t\t\t<\/div>\n\t\t\t\t<section class=\"elementor-section elementor-inner-section elementor-element elementor-element-cea5d8d elementor-section-boxed elementor-section-height-default elementor-section-height-default\" data-id=\"cea5d8d\" data-element_type=\"section\" data-e-type=\"section\">\n\t\t\t\t\t\t<div class=\"elementor-container elementor-column-gap-default\">\n\t\t\t\t\t<div class=\"elementor-column elementor-col-16 elementor-inner-column elementor-element elementor-element-c215543\" data-id=\"c215543\" data-element_type=\"column\" data-e-type=\"column\">\n\t\t\t<div class=\"elementor-widget-wrap\">\n\t\t\t\t\t\t\t<\/div>\n\t\t<\/div>\n\t\t\t\t<div class=\"elementor-column elementor-col-66 elementor-inner-column elementor-element elementor-element-7b71501\" data-id=\"7b71501\" data-element_type=\"column\" data-e-type=\"column\">\n\t\t\t<div class=\"elementor-widget-wrap elementor-element-populated\">\n\t\t\t\t\t\t<div class=\"elementor-element elementor-element-05479e6 elementor-widget elementor-widget-heading\" data-id=\"05479e6\" data-element_type=\"widget\" data-e-type=\"widget\" data-widget_type=\"heading.default\">\n\t\t\t\t<div class=\"elementor-widget-container\">\n\t\t\t\t\t<h4 class=\"elementor-heading-title elementor-size-default\">Exposition L\u00e9man Sacr\u00e9<br>du 28 mai au 20 septembre 2026<br>en acc\u00e8s libre sur le Quai Isaac de Rivaz<br>St-Gingolph Suisse<\/h4>\t\t\t\t<\/div>\n\t\t\t\t<\/div>\n\t\t\t\t<div class=\"elementor-element elementor-element-a8c89e1 elementor-widget elementor-widget-image\" data-id=\"a8c89e1\" data-element_type=\"widget\" data-e-type=\"widget\" data-widget_type=\"image.default\">\n\t\t\t\t<div class=\"elementor-widget-container\">\n\t\t\t\t\t\t\t\t\t\t\t\t\t\t\t\t<a href=\"https:\/\/museedestraditions.com\/wp-content\/uploads\/2026\/05\/AFfiche-Leman-Inauguration-scaled.png\" data-elementor-open-lightbox=\"yes\" data-elementor-lightbox-title=\"AFfiche L\u00e9man Inauguration\" data-e-action-hash=\"#elementor-action%3Aaction%3Dlightbox%26settings%3DeyJpZCI6NjQ4NCwidXJsIjoiaHR0cHM6XC9cL211c2VlZGVzdHJhZGl0aW9ucy5jb21cL3dwLWNvbnRlbnRcL3VwbG9hZHNcLzIwMjZcLzA1XC9BRmZpY2hlLUxlbWFuLUluYXVndXJhdGlvbi1zY2FsZWQucG5nIn0%3D\">\n\t\t\t\t\t\t\t<img loading=\"lazy\" decoding=\"async\" width=\"1024\" height=\"724\" src=\"https:\/\/museedestraditions.com\/wp-content\/uploads\/2026\/05\/AFfiche-Leman-Inauguration-1024x724.png\" class=\"attachment-large size-large wp-image-6484\" alt=\"\" srcset=\"https:\/\/museedestraditions.com\/wp-content\/uploads\/2026\/05\/AFfiche-Leman-Inauguration-1024x724.png 1024w, https:\/\/museedestraditions.com\/wp-content\/uploads\/2026\/05\/AFfiche-Leman-Inauguration-300x212.png 300w, https:\/\/museedestraditions.com\/wp-content\/uploads\/2026\/05\/AFfiche-Leman-Inauguration-768x543.png 768w, https:\/\/museedestraditions.com\/wp-content\/uploads\/2026\/05\/AFfiche-Leman-Inauguration-1536x1086.png 1536w, https:\/\/museedestraditions.com\/wp-content\/uploads\/2026\/05\/AFfiche-Leman-Inauguration-2048x1448.png 2048w\" sizes=\"(max-width: 1024px) 100vw, 1024px\" \/>\t\t\t\t\t\t\t\t<\/a>\n\t\t\t\t\t\t\t\t\t\t\t\t\t\t\t<\/div>\n\t\t\t\t<\/div>\n\t\t\t\t<div class=\"elementor-element elementor-element-37cd5bc elementor-widget elementor-widget-text-editor\" data-id=\"37cd5bc\" data-element_type=\"widget\" data-e-type=\"widget\" data-widget_type=\"text-editor.default\">\n\t\t\t\t<div class=\"elementor-widget-container\">\n\t\t\t\t\t\t\t\t\t<p style=\"text-align: center;\">Cette exposition balaye plus de 2\u2019000 ans d\u2019histoire du Sacr\u00e9 autour du L\u00e9man. C\u2019est le d\u00e9but d\u2019une longue enqu\u00eate dans les mus\u00e9es, les biblioth\u00e8ques et les archives. \u00c9galement dans les \u00e9glises et les temples des communes qui bordent le lac, en Suisse comme en France. Nous partons \u00e0 la recherche de vitraux, de statues, de fresques et d\u2019autres indices attestant de pratiques religieuses.<\/p>\t\t\t\t\t\t\t\t<\/div>\n\t\t\t\t<\/div>\n\t\t\t\t\t<\/div>\n\t\t<\/div>\n\t\t\t\t<div class=\"elementor-column elementor-col-16 elementor-inner-column elementor-element elementor-element-808e4fd\" data-id=\"808e4fd\" data-element_type=\"column\" data-e-type=\"column\">\n\t\t\t<div class=\"elementor-widget-wrap\">\n\t\t\t\t\t\t\t<\/div>\n\t\t<\/div>\n\t\t\t\t\t<\/div>\n\t\t<\/section>\n\t\t\t\t\t<\/div>\n\t\t<\/div>\n\t\t\t\t\t<\/div>\n\t\t<\/section>\n\t\t\t\t<section class=\"elementor-section elementor-top-section elementor-element elementor-element-c792614 elementor-section-boxed elementor-section-height-default elementor-section-height-default\" data-id=\"c792614\" data-element_type=\"section\" data-e-type=\"section\">\n\t\t\t\t\t\t<div class=\"elementor-container elementor-column-gap-default\">\n\t\t\t\t\t<div class=\"elementor-column elementor-col-100 elementor-top-column elementor-element elementor-element-aa164e7\" data-id=\"aa164e7\" data-element_type=\"column\" data-e-type=\"column\">\n\t\t\t<div class=\"elementor-widget-wrap elementor-element-populated\">\n\t\t\t\t\t\t<div class=\"elementor-element elementor-element-a082879 elementor-widget elementor-widget-heading\" data-id=\"a082879\" data-element_type=\"widget\" data-e-type=\"widget\" data-widget_type=\"heading.default\">\n\t\t\t\t<div class=\"elementor-widget-container\">\n\t\t\t\t\t<h4 class=\"elementor-heading-title elementor-size-default\">Ev\u00e9nements \u00e0 venir<\/h4>\t\t\t\t<\/div>\n\t\t\t\t<\/div>\n\t\t\t\t<div class=\"elementor-element elementor-element-f949be7 elementor-widget elementor-widget-the-events-calendar-addon\" data-id=\"f949be7\" data-element_type=\"widget\" data-e-type=\"widget\" data-widget_type=\"the-events-calendar-addon.default\">\n\t\t\t\t<div class=\"elementor-widget-container\">\n\t\t\t\t\t<!------Events list Template 1.9.1------><script type=\"application\/ld+json\">\r\n[{\"@context\":\"http:\/\/schema.org\",\"@type\":\"Event\",\"name\":\"Journ\\u00e9es europ\\u00e9ennes du patrimoine (CH)\",\"description\":\"\",\"image\":\"https:\/\/museedestraditions.com\/wp-content\/uploads\/2023\/03\/jep-150x150-1.png\",\"url\":\"https:\/\/museedestraditions.com\/?tribe_events=journees-europeennes-du-patrimoine-ch-4\",\"eventAttendanceMode\":\"https:\/\/schema.org\/OfflineEventAttendanceMode\",\"eventStatus\":\"https:\/\/schema.org\/EventScheduled\",\"startDate\":\"2026-09-12T11:00:00+00:00\",\"endDate\":\"2026-09-12T17:00:00+00:00\",\"location\":{\"@type\":\"Place\",\"name\":\"Ch\\u00e2teau\",\"description\":\"\",\"url\":\"\",\"address\":{\"@type\":\"PostalAddress\",\"addressCountry\":\"Suisse\"},\"telephone\":\"\",\"sameAs\":\"\"},\"organizer\":{\"@type\":\"Person\",\"name\":\"Association des Amis du Mus\\u00e9e\",\"description\":\"\",\"url\":\"\",\"telephone\":\"\",\"email\":\"\",\"sameAs\":\"\"},\"performer\":\"Organization\"},{\"@context\":\"http:\/\/schema.org\",\"@type\":\"Event\",\"name\":\"Journ\\u00e9es europ\\u00e9ennes du patrimoine (CH)\",\"description\":\"\",\"image\":\"https:\/\/museedestraditions.com\/wp-content\/uploads\/2023\/03\/jep-150x150-1.png\",\"url\":\"https:\/\/museedestraditions.com\/?tribe_events=journees-europeennes-du-patrimoine-ch-5\",\"eventAttendanceMode\":\"https:\/\/schema.org\/OfflineEventAttendanceMode\",\"eventStatus\":\"https:\/\/schema.org\/EventScheduled\",\"startDate\":\"2026-09-13T11:00:00+00:00\",\"endDate\":\"2026-09-13T17:00:00+00:00\",\"location\":{\"@type\":\"Place\",\"name\":\"Ch\\u00e2teau\",\"description\":\"\",\"url\":\"\",\"address\":{\"@type\":\"PostalAddress\",\"addressCountry\":\"Suisse\"},\"telephone\":\"\",\"sameAs\":\"\"},\"organizer\":{\"@type\":\"Person\",\"name\":\"Association des Amis du Mus\\u00e9e\",\"description\":\"\",\"url\":\"\",\"telephone\":\"\",\"email\":\"\",\"sameAs\":\"\"},\"performer\":\"Organization\"},{\"@context\":\"http:\/\/schema.org\",\"@type\":\"Event\",\"name\":\"Journ\\u00e9es europ\\u00e9ennes du patrimoine (FR)\",\"description\":\"\",\"image\":\"https:\/\/museedestraditions.com\/wp-content\/uploads\/2023\/03\/jep-150x150-1.png\",\"url\":\"https:\/\/museedestraditions.com\/?tribe_events=journees-europeennes-du-patrimoine-fr-4\",\"eventAttendanceMode\":\"https:\/\/schema.org\/OfflineEventAttendanceMode\",\"eventStatus\":\"https:\/\/schema.org\/EventScheduled\",\"startDate\":\"2026-09-19T11:00:00+00:00\",\"endDate\":\"2026-09-19T17:00:00+00:00\",\"location\":{\"@type\":\"Place\",\"name\":\"Ch\\u00e2teau\",\"description\":\"\",\"url\":\"\",\"address\":{\"@type\":\"PostalAddress\",\"addressCountry\":\"Suisse\"},\"telephone\":\"\",\"sameAs\":\"\"},\"organizer\":{\"@type\":\"Person\",\"name\":\"Association des Amis du Mus\\u00e9e\",\"description\":\"\",\"url\":\"\",\"telephone\":\"\",\"email\":\"\",\"sameAs\":\"\"},\"performer\":\"Organization\"},{\"@context\":\"http:\/\/schema.org\",\"@type\":\"Event\",\"name\":\"Journ\\u00e9es europ\\u00e9ennes du patrimoine (FR)\",\"description\":\"\",\"image\":\"https:\/\/museedestraditions.com\/wp-content\/uploads\/2023\/03\/jep-150x150-1.png\",\"url\":\"https:\/\/museedestraditions.com\/?tribe_events=journees-europeennes-du-patrimoine-fr-5\",\"eventAttendanceMode\":\"https:\/\/schema.org\/OfflineEventAttendanceMode\",\"eventStatus\":\"https:\/\/schema.org\/EventScheduled\",\"startDate\":\"2026-09-20T11:00:00+00:00\",\"endDate\":\"2026-09-20T17:00:00+00:00\",\"location\":{\"@type\":\"Place\",\"name\":\"Ch\\u00e2teau\",\"description\":\"\",\"url\":\"\",\"address\":{\"@type\":\"PostalAddress\",\"addressCountry\":\"Suisse\"},\"telephone\":\"\",\"sameAs\":\"\"},\"organizer\":{\"@type\":\"Person\",\"name\":\"Association des Amis du Mus\\u00e9e\",\"description\":\"\",\"url\":\"\",\"telephone\":\"\",\"email\":\"\",\"sameAs\":\"\"},\"performer\":\"Organization\"},{\"@context\":\"http:\/\/schema.org\",\"@type\":\"Event\",\"name\":\"La nuit des mus\\u00e9es\",\"description\":\"\",\"image\":\"https:\/\/museedestraditions.com\/wp-content\/uploads\/2023\/03\/ndm-150x150-1.jpg\",\"url\":\"https:\/\/museedestraditions.com\/?tribe_events=la-nuit-des-musees\",\"eventAttendanceMode\":\"https:\/\/schema.org\/OfflineEventAttendanceMode\",\"eventStatus\":\"https:\/\/schema.org\/EventScheduled\",\"startDate\":\"2026-11-14T17:00:00+00:00\",\"endDate\":\"2026-11-14T22:00:00+00:00\",\"location\":{\"@type\":\"Place\",\"name\":\"Ch\\u00e2teau\",\"description\":\"\",\"url\":\"\",\"address\":{\"@type\":\"PostalAddress\",\"addressCountry\":\"Suisse\"},\"telephone\":\"\",\"sameAs\":\"\"},\"performer\":\"Organization\"}]\r\n<\/script><div id=\"ectbe-wrapper-f949be7\" class=\"ectbe-wrapper ectbe-list-wrapper style-1\"><div id=\"event-6451\" class=\"ectbe-inner-wrapper ectbe-simple-event\"><div class=\"ectbe-date-area\">\n                                <span class=\"ectbe-ev-day\">12<\/span>\n                                <span class=\"ectbe-ev-mo\">septembre<\/span>\n                                <span class=\"ectbe-ev-yr\">2026<\/span>\n                                <\/div><div class=\"ectbe-content-box\"><div class=\"ectbe-evt-title\"><a class=\"ectbe-evt-url\" href=\"https:\/\/museedestraditions.com\/?tribe_events=journees-europeennes-du-patrimoine-ch-4\">Journ\u00e9es europ\u00e9ennes du patrimoine (CH)<\/a><\/div><div class=\"ectbe-evt-time\"><i class=\"ectbe-icon-clock\"><\/i>11h00 - 17h00<\/div><div class=\"ectbe-evt-venue\"><span class=\"ectbe-icon\"><i class=\"ectbe-icon-location\" aria-hidden=\"true\"><\/i><\/span>\n\t\t\t\t\t\t<span class=\"ectbe-venue-details ectbe-address\">Ch\u00e2teau,<br><span class=\"tribe-address\">\n\n\n\n\n\n\t<span class=\"tribe-country-name\">Suisse<\/span>\n\n<\/span>\n<\/span><\/div><div class=\"ectbe-evt-description\"><\/div><\/div><div class=\"ectbe-evt-more-box\"><a class=\"ectbe-evt-read-more\" href=\"https:\/\/museedestraditions.com\/?tribe_events=journees-europeennes-du-patrimoine-ch-4\">Find out more<\/a><\/div><\/div><div id=\"event-6452\" class=\"ectbe-inner-wrapper ectbe-simple-event\"><div class=\"ectbe-date-area\">\n                                <span class=\"ectbe-ev-day\">13<\/span>\n                                <span class=\"ectbe-ev-mo\">septembre<\/span>\n                                <span class=\"ectbe-ev-yr\">2026<\/span>\n                                <\/div><div class=\"ectbe-content-box\"><div class=\"ectbe-evt-title\"><a class=\"ectbe-evt-url\" href=\"https:\/\/museedestraditions.com\/?tribe_events=journees-europeennes-du-patrimoine-ch-5\">Journ\u00e9es europ\u00e9ennes du patrimoine (CH)<\/a><\/div><div class=\"ectbe-evt-time\"><i class=\"ectbe-icon-clock\"><\/i>11h00 - 17h00<\/div><div class=\"ectbe-evt-venue\"><span class=\"ectbe-icon\"><i class=\"ectbe-icon-location\" aria-hidden=\"true\"><\/i><\/span>\n\t\t\t\t\t\t<span class=\"ectbe-venue-details ectbe-address\">Ch\u00e2teau,<br><span class=\"tribe-address\">\n\n\n\n\n\n\t<span class=\"tribe-country-name\">Suisse<\/span>\n\n<\/span>\n<\/span><\/div><div class=\"ectbe-evt-description\"><\/div><\/div><div class=\"ectbe-evt-more-box\"><a class=\"ectbe-evt-read-more\" href=\"https:\/\/museedestraditions.com\/?tribe_events=journees-europeennes-du-patrimoine-ch-5\">Find out more<\/a><\/div><\/div><div id=\"event-6453\" class=\"ectbe-inner-wrapper ectbe-simple-event\"><div class=\"ectbe-date-area\">\n                                <span class=\"ectbe-ev-day\">19<\/span>\n                                <span class=\"ectbe-ev-mo\">septembre<\/span>\n                                <span class=\"ectbe-ev-yr\">2026<\/span>\n                                <\/div><div class=\"ectbe-content-box\"><div class=\"ectbe-evt-title\"><a class=\"ectbe-evt-url\" href=\"https:\/\/museedestraditions.com\/?tribe_events=journees-europeennes-du-patrimoine-fr-4\">Journ\u00e9es europ\u00e9ennes du patrimoine (FR)<\/a><\/div><div class=\"ectbe-evt-time\"><i class=\"ectbe-icon-clock\"><\/i>11h00 - 17h00<\/div><div class=\"ectbe-evt-venue\"><span class=\"ectbe-icon\"><i class=\"ectbe-icon-location\" aria-hidden=\"true\"><\/i><\/span>\n\t\t\t\t\t\t<span class=\"ectbe-venue-details ectbe-address\">Ch\u00e2teau,<br><span class=\"tribe-address\">\n\n\n\n\n\n\t<span class=\"tribe-country-name\">Suisse<\/span>\n\n<\/span>\n<\/span><\/div><div class=\"ectbe-evt-description\"><\/div><\/div><div class=\"ectbe-evt-more-box\"><a class=\"ectbe-evt-read-more\" href=\"https:\/\/museedestraditions.com\/?tribe_events=journees-europeennes-du-patrimoine-fr-4\">Find out more<\/a><\/div><\/div><div id=\"event-6454\" class=\"ectbe-inner-wrapper ectbe-simple-event\"><div class=\"ectbe-date-area\">\n                                <span class=\"ectbe-ev-day\">20<\/span>\n                                <span class=\"ectbe-ev-mo\">septembre<\/span>\n                                <span class=\"ectbe-ev-yr\">2026<\/span>\n                                <\/div><div class=\"ectbe-content-box\"><div class=\"ectbe-evt-title\"><a class=\"ectbe-evt-url\" href=\"https:\/\/museedestraditions.com\/?tribe_events=journees-europeennes-du-patrimoine-fr-5\">Journ\u00e9es europ\u00e9ennes du patrimoine (FR)<\/a><\/div><div class=\"ectbe-evt-time\"><i class=\"ectbe-icon-clock\"><\/i>11h00 - 17h00<\/div><div class=\"ectbe-evt-venue\"><span class=\"ectbe-icon\"><i class=\"ectbe-icon-location\" aria-hidden=\"true\"><\/i><\/span>\n\t\t\t\t\t\t<span class=\"ectbe-venue-details ectbe-address\">Ch\u00e2teau,<br><span class=\"tribe-address\">\n\n\n\n\n\n\t<span class=\"tribe-country-name\">Suisse<\/span>\n\n<\/span>\n<\/span><\/div><div class=\"ectbe-evt-description\"><\/div><\/div><div class=\"ectbe-evt-more-box\"><a class=\"ectbe-evt-read-more\" href=\"https:\/\/museedestraditions.com\/?tribe_events=journees-europeennes-du-patrimoine-fr-5\">Find out more<\/a><\/div><\/div><div id=\"event-6455\" class=\"ectbe-inner-wrapper ectbe-simple-event\"><div class=\"ectbe-date-area\">\n                                <span class=\"ectbe-ev-day\">14<\/span>\n                                <span class=\"ectbe-ev-mo\">novembre<\/span>\n                                <span class=\"ectbe-ev-yr\">2026<\/span>\n                                <\/div><div class=\"ectbe-content-box\"><div class=\"ectbe-evt-title\"><a class=\"ectbe-evt-url\" href=\"https:\/\/museedestraditions.com\/?tribe_events=la-nuit-des-musees\">La nuit des mus\u00e9es<\/a><\/div><div class=\"ectbe-evt-time\"><i class=\"ectbe-icon-clock\"><\/i>17h00 - 22h00<\/div><div class=\"ectbe-evt-venue\"><span class=\"ectbe-icon\"><i class=\"ectbe-icon-location\" aria-hidden=\"true\"><\/i><\/span>\n\t\t\t\t\t\t<span class=\"ectbe-venue-details ectbe-address\">Ch\u00e2teau,<br><span class=\"tribe-address\">\n\n\n\n\n\n\t<span class=\"tribe-country-name\">Suisse<\/span>\n\n<\/span>\n<\/span><\/div><div class=\"ectbe-evt-description\"><\/div><\/div><div class=\"ectbe-evt-more-box\"><a class=\"ectbe-evt-read-more\" href=\"https:\/\/museedestraditions.com\/?tribe_events=la-nuit-des-musees\">Find out more<\/a><\/div><\/div><\/div>\t\t\t\t<\/div>\n\t\t\t\t<\/div>\n\t\t\t\t\t<\/div>\n\t\t<\/div>\n\t\t\t\t\t<\/div>\n\t\t<\/section>\n\t\t\t\t<section class=\"elementor-section elementor-top-section elementor-element elementor-element-f5f962d elementor-section-boxed elementor-section-height-default elementor-section-height-default\" data-id=\"f5f962d\" data-element_type=\"section\" data-e-type=\"section\">\n\t\t\t\t\t\t<div class=\"elementor-container elementor-column-gap-default\">\n\t\t\t\t\t<div class=\"elementor-column elementor-col-100 elementor-top-column elementor-element elementor-element-184a0a9\" data-id=\"184a0a9\" data-element_type=\"column\" data-e-type=\"column\">\n\t\t\t<div class=\"elementor-widget-wrap elementor-element-populated\">\n\t\t\t\t\t\t<div class=\"elementor-element elementor-element-fd70049 elementor-widget elementor-widget-spacer\" data-id=\"fd70049\" data-element_type=\"widget\" data-e-type=\"widget\" data-widget_type=\"spacer.default\">\n\t\t\t\t<div class=\"elementor-widget-container\">\n\t\t\t\t\t\t\t<div class=\"elementor-spacer\">\n\t\t\t<div class=\"elementor-spacer-inner\"><\/div>\n\t\t<\/div>\n\t\t\t\t\t\t<\/div>\n\t\t\t\t<\/div>\n\t\t\t\t\t<\/div>\n\t\t<\/div>\n\t\t\t\t\t<\/div>\n\t\t<\/section>\n\t\t\t\t<\/div>\n\t\t","protected":false},"excerpt":{"rendered":"<p>Bienvenue sur le site du Mus\u00e9e des Traditions et des Barques du L\u00e9man Actualit\u00e9s Exposition L\u00e9man Sacr\u00e9du 28 mai au 20 septembre 2026en acc\u00e8s libre sur le Quai Isaac de [&hellip;]<\/p>\n","protected":false},"author":1,"featured_media":0,"parent":0,"menu_order":0,"comment_status":"closed","ping_status":"closed","template":"","meta":{"site-sidebar-layout":"no-sidebar","site-content-layout":"page-builder","ast-site-content-layout":"default","site-content-style":"default","site-sidebar-style":"default","ast-global-header-display":"","ast-banner-title-visibility":"","ast-main-header-display":"","ast-hfb-above-header-display":"","ast-hfb-below-header-display":"","ast-hfb-mobile-header-display":"","site-post-title":"disabled","ast-breadcrumbs-content":"","ast-featured-img":"disabled","footer-sml-layout":"","ast-disable-related-posts":"","theme-transparent-header-meta":"default","adv-header-id-meta":"","stick-header-meta":"","header-above-stick-meta":"","header-main-stick-meta":"","header-below-stick-meta":"","astra-migrate-meta-layouts":"default","ast-page-background-enabled":"default","ast-page-background-meta":{"desktop":{"background-color":"","background-image":"","background-repeat":"repeat","background-position":"center center","background-size":"auto","background-attachment":"scroll","background-type":"","background-media":"","overlay-type":"","overlay-color":"","overlay-opacity":"","overlay-gradient":""},"tablet":{"background-color":"","background-image":"","background-repeat":"repeat","background-position":"center center","background-size":"auto","background-attachment":"scroll","background-type":"","background-media":"","overlay-type":"","overlay-color":"","overlay-opacity":"","overlay-gradient":""},"mobile":{"background-color":"","background-image":"","background-repeat":"repeat","background-position":"center center","background-size":"auto","background-attachment":"scroll","background-type":"","background-media":"","overlay-type":"","overlay-color":"","overlay-opacity":"","overlay-gradient":""}},"ast-content-background-meta":{"desktop":{"background-color":"var(--ast-global-color-5)","background-image":"","background-repeat":"repeat","background-position":"center center","background-size":"auto","background-attachment":"scroll","background-type":"","background-media":"","overlay-type":"","overlay-color":"","overlay-opacity":"","overlay-gradient":""},"tablet":{"background-color":"var(--ast-global-color-5)","background-image":"","background-repeat":"repeat","background-position":"center center","background-size":"auto","background-attachment":"scroll","background-type":"","background-media":"","overlay-type":"","overlay-color":"","overlay-opacity":"","overlay-gradient":""},"mobile":{"background-color":"var(--ast-global-color-5)","background-image":"","background-repeat":"repeat","background-position":"center center","background-size":"auto","background-attachment":"scroll","background-type":"","background-media":"","overlay-type":"","overlay-color":"","overlay-opacity":"","overlay-gradient":""}},"footnotes":""},"class_list":["post-95","page","type-page","status-publish","hentry"],"jetpack_sharing_enabled":true,"_links":{"self":[{"href":"https:\/\/museedestraditions.com\/index.php?rest_route=\/wp\/v2\/pages\/95","targetHints":{"allow":["GET"]}}],"collection":[{"href":"https:\/\/museedestraditions.com\/index.php?rest_route=\/wp\/v2\/pages"}],"about":[{"href":"https:\/\/museedestraditions.com\/index.php?rest_route=\/wp\/v2\/types\/page"}],"author":[{"embeddable":true,"href":"https:\/\/museedestraditions.com\/index.php?rest_route=\/wp\/v2\/users\/1"}],"replies":[{"embeddable":true,"href":"https:\/\/museedestraditions.com\/index.php?rest_route=%2Fwp%2Fv2%2Fcomments&post=95"}],"version-history":[{"count":211,"href":"https:\/\/museedestraditions.com\/index.php?rest_route=\/wp\/v2\/pages\/95\/revisions"}],"predecessor-version":[{"id":6514,"href":"https:\/\/museedestraditions.com\/index.php?rest_route=\/wp\/v2\/pages\/95\/revisions\/6514"}],"wp:attachment":[{"href":"https:\/\/museedestraditions.com\/index.php?rest_route=%2Fwp%2Fv2%2Fmedia&parent=95"}],"curies":[{"name":"wp","href":"https:\/\/api.w.org\/{rel}","templated":true}]}}